{"id":202,"date":"2023-04-11T18:12:44","date_gmt":"2023-04-11T18:12:44","guid":{"rendered":"https:\/\/ambdakar.esteri.it\/servizi-consolari-e-visti\/servizi-per-il-cittadino-straniero\/"},"modified":"2025-07-14T14:54:57","modified_gmt":"2025-07-14T14:54:57","slug":"servizi-per-il-cittadino-straniero","status":"publish","type":"page","link":"https:\/\/ambdakar.esteri.it\/fr\/servizi-consolari-e-visti\/servizi-per-il-cittadino-straniero\/","title":{"rendered":"Services aux citoyens \u00e9trangers"},"content":{"rendered":"<p><strong>**Voulez-vous aller en Italie ? <\/strong><\/p>\n<p><strong>Vous avez besoin d&rsquo;un visa !**<\/strong><\/p>\n<p>D\u00e9couvrez quel est le visa appropri\u00e9 en fonction de vos besoins. Informez-vous sur les documents \u00e0 pr\u00e9parer et o\u00f9 d\u00e9poser votre demande de visa. Apprenez comment utiliser correctement les diff\u00e9rents types de visas, quels sont vos droits et vos devoirs en suivant les indications ci-dessous.<\/p>\n<p><strong><a href=\"https:\/\/vistoperitalia.esteri.it\/home.aspx\">Visto per l\u2019Italia<\/a><\/strong><\/p>\n<p><strong>La demande de visa peut \u00eatre d\u00e9pos\u00e9e\u00a0:<\/strong><\/p>\n<p>a) Au bureau des visas de l&rsquo;ambassade d&rsquo;Italie :<\/p>\n<p>Pour les visas pour le REGROUPEMENT FAMILIAL AVEC \u00ab\u00a0NULLA OSTA\u00a0\u00bb et pour le \u00ab\u00a0LAVORO SUBORDINATO CON NULLA OSTA\u00a0\u00bb, veuillez envoyer un courriel \u00e0 dakar.nullaosta@esteri.it en joignant le NULLA OSTA et en indiquant un num\u00e9ro de t\u00e9l\u00e9phone.<\/p>\n<p>Pour les visas destin\u00e9s aux membres de la famille de citoyens de l&rsquo;UE, conform\u00e9ment \u00e0 la Directive 2004\/38\/CE, veuillez envoyer un PEC (courrier \u00e9lectronique certifi\u00e9) \u00e0 amb.dakar.visti@cert.esteri.it.<\/p>\n<p>Pour les visas d&rsquo;affaires, veuillez envoyer un courriel \u00e0 dakar.vistiaffari@esteri.it.<\/p>\n<p>Pour toute information, veuillez contacter le +221 33 889 2636 de 9h00 \u00e0 13h30 et de 15h00 \u00e0 16h00 (langues parl\u00e9es\u00a0: italien, fran\u00e7ais, wolof).<\/p>\n<p>Le Bureau des visas est ouvert du lundi au vendredi, de 9h00 \u00e0 16h00. Les rendez-vous sont fix\u00e9s le matin, de 10h00 \u00e0 12h30. L&rsquo;acc\u00e8s n&rsquo;est possible que sur rendez-vous confirm\u00e9 par l&rsquo;Ambassade.<\/p>\n<p>b) \u00c0 l&rsquo;agence BLS International<\/p>\n<p>Horaires d&rsquo;ouverture (du lundi au vendredi)\u00a0: D\u00e9p\u00f4t des demandes de visa de 8h30 \u00e0 12h, restitution des passeports \u00e0 15h, centre d&rsquo;appels de 8h30 \u00e0 16h.<\/p>\n<p>Adresse\u00a0: 133, Avenue Lamine Gueye, Jules Ferry, Immeuble Alyama, 4e \u00e9tage, Dakar, S\u00e9n\u00e9gal.<\/p>\n<p>Contacts\u00a0: T\u00e9l\u00e9phones\u00a0: +221 33 840 13 13\u00a0; +221 33 840 13 14\u00a0; + 221 33 920 15 30<\/p>\n<p>Courriel\u00a0: info.senegal@blshelpline.com, feedback.senegal@blshelpline.com<\/p>\n<p>Site web\u00a0: https:\/\/www.blsitalyvisa.com\/senegal<\/p>\n<p>Les paiements \u00e0 l&rsquo;Agence BLS s&rsquo;effectuent uniquement par carte de d\u00e9bit\/cr\u00e9dit ou par paiement num\u00e9rique. Les paiements en esp\u00e8ces ne sont pas accept\u00e9s.<\/p>\n<p>&nbsp;<\/p>\n<p><strong>QUI PEUT DEMANDER UN VISA\u00a0?<\/strong><\/p>\n<p>Tous les citoyens du S\u00e9n\u00e9gal, du Cap-Vert, de Gambie, de Guin\u00e9e-Bissau, de Guin\u00e9e et du Mali r\u00e9sidant dans la circonscription consulaire peuvent demander un visa.<\/p>\n<p>Les citoyens des pays soumis \u00e0 l\u2019obligation de visa (https:\/\/vistoperitalia.esteri.it\/home.aspx) et r\u00e9sidant l\u00e9galement dans la circonscription consulaire peuvent \u00e9galement demander un visa Schengen.<\/p>\n<p>Les ressortissants de pays soumis \u00e0 l\u2019obligation de visa, en s\u00e9jour r\u00e9gulier dans la circonscription consulaire \u00e0 titre temporaire et justifiant d\u2019une demande de visa \u00e0 Dakar plut\u00f4t qu\u2019\u00e0 l\u2019ambassade d\u2019Italie de leur pays de r\u00e9sidence permanente, peuvent \u00e9galement demander un visa Schengen. L\u2019ambassade d\u2019Italie \u00e0 Dakar se r\u00e9serve le droit d\u2019\u00e9valuer les motifs justifiant la demande avant de d\u00e9clarer la demande recevable. Dans ce cas, les demandeurs doivent d\u00e9poser leur demande directement aupr\u00e8s de l&rsquo;ambassade.<\/p>\n<p>Concernant les visas nationaux, les r\u00e9sidents de la circonscription consulaire de l&rsquo;ambassade d&rsquo;Italie \u00e0 Dakar peuvent d\u00e9poser une demande.<\/p>\n<p>Titulaires d&rsquo;un passeport diplomatique<\/p>\n<p>Les titulaires d&rsquo;un passeport diplomatique s\u00e9n\u00e9galais sont exempt\u00e9s de l&rsquo;obligation de visa de court s\u00e9jour.<\/p>\n<p>Visa de transit a\u00e9roportuaire<\/p>\n<p>Les titulaires d&rsquo;un passeport s\u00e9n\u00e9galais sont soumis \u00e0 l&rsquo;obligation de visa de transit a\u00e9roportuaire.<\/p>\n<p>Membres de la famille de citoyens de l&rsquo;Union europ\u00e9enne\/EEE<\/p>\n<p>La l\u00e9gislation (Directive 2004\/38\/CE et D\u00e9cret l\u00e9gislatif 30\/2007) disponible via ce lien pr\u00e9voit des avantages pour les membres de la famille de citoyens de l&rsquo;UE\/EEE.<\/p>\n<p>Les membres de la famille de citoyens de l&rsquo;UE\/EEE (limit\u00e9s \u00e0 ceux identifi\u00e9s comme tels par la Directive 2004\/38\/CE) peuvent d\u00e9poser leur demande soit aupr\u00e8s de l&rsquo;agence BLS International, en prenant rendez-vous en ligne, soit aupr\u00e8s du bureau des visas de l&rsquo;ambassade, en prenant rendez-vous via le PEC \u00e0 l&rsquo;adresse amb.dakar.visti@cert.esteri.it.<\/p>\n<p>Pour prouver votre lien de parent\u00e9, il est obligatoire de pr\u00e9senter une pi\u00e8ce d&rsquo;identit\u00e9 et, selon le cas, un acte de mariage, de parent\u00e9 ou de naissance.<\/p>\n<p>\u00c0 compter du 1er juin 2024, les membres de la famille de citoyens italiens ou de l&rsquo;Union europ\u00e9enne souhaitant rejoindre un membre de leur famille r\u00e9sidant de mani\u00e8re permanente en Italie ne se verront plus d\u00e9livrer de visa de court s\u00e9jour pour tourisme\/visite d&rsquo;un membre de la famille, mais un visa national pour \u00ab\u00a0raisons familiales\u00a0\u00bb, valable uniquement pour l&rsquo;entr\u00e9e et la circulation.<\/p>\n<p>&nbsp;<\/p>\n<p><strong>QUAND DEMANDER UN VISA SCHENGEN POUR L&rsquo;ITALIE\u00a0?<\/strong><\/p>\n<p>&nbsp;<\/p>\n<p>Les demandeurs de visa Schengen peuvent d\u00e9poser leur demande aupr\u00e8s de l&rsquo;ambassade d&rsquo;Italie\u00a0:<\/p>\n<p>\u2013 lorsque l&rsquo;Italie est le seul pays de destination du voyage\u00a0;<\/p>\n<p>\u2013 lorsque le voyage implique plusieurs pays Schengen et que l&rsquo;Italie est la destination principale du voyage en termes de dur\u00e9e ou de motif du s\u00e9jour\u00a0;<\/p>\n<p>\u2013 si la destination principale ne peut \u00eatre d\u00e9termin\u00e9e sur la base des crit\u00e8res des points a) et b), lorsque l&rsquo;Italie est le pays par les fronti\u00e8res ext\u00e9rieures duquel le demandeur souhaite entrer dans l&rsquo;espace Schengen.<\/p>\n<p>\u2013 De 6 mois \u00e0 15 jours avant la date de d\u00e9part.<\/p>\n<h3 data-start=\"60\" data-end=\"87\"><\/h3>\n<h3 data-start=\"60\" data-end=\"87\">COMBIEN CO\u00dbTE UN VISA ?<\/h3>\n<p data-start=\"89\" data-end=\"191\"><strong data-start=\"89\" data-end=\"110\">Visas nationaux :<\/strong> 116 euros \u2013 76.100 XOF<br data-start=\"133\" data-end=\"136\" \/><strong data-start=\"136\" data-end=\"169\">Visas nationaux pour \u00e9tudes :<\/strong> 50 euros \u2013 32.800 XOF<\/p>\n<p data-start=\"193\" data-end=\"311\"><strong data-start=\"193\" data-end=\"221\">Visas de type Schengen :<\/strong><br data-start=\"221\" data-end=\"224\" \/>\u2013 90 euros \u2013 59.050 XOF<br data-start=\"247\" data-end=\"250\" \/>\u2013 pour les mineurs \u00e2g\u00e9s de 6 \u00e0 12 ans : 45 euros \u2013 29.550 XOF<\/p>\n<p data-start=\"313\" data-end=\"1308\"><strong data-start=\"313\" data-end=\"420\">Les frais de visa ne sont pas per\u00e7us pour les demandeurs appartenant \u00e0 l\u2019une des cat\u00e9gories suivantes :<\/strong><br data-start=\"420\" data-end=\"423\" \/>\u2022 Enfants de moins de six ans ;<br data-start=\"454\" data-end=\"457\" \/>\u2022 \u00c9l\u00e8ves, \u00e9tudiants, anciens \u00e9tudiants et enseignants accompagnateurs participant \u00e0 des s\u00e9jours de courte dur\u00e9e \u00e0 des fins d&rsquo;\u00e9tudes ou de formation p\u00e9dagogique ;<br data-start=\"618\" data-end=\"621\" \/>\u2022 Chercheurs de pays tiers voyageant \u00e0 des fins de recherche scientifique selon la recommandation 2005\/761\/CE du Parlement europ\u00e9en et du Conseil du 28 septembre 2005 visant \u00e0 faciliter la d\u00e9livrance de visas de court s\u00e9jour pour les chercheurs de pays tiers ;<br data-start=\"881\" data-end=\"884\" \/>\u2022 Repr\u00e9sentants d\u2019organisations \u00e0 but non lucratif \u00e2g\u00e9s de moins de 25 ans participant \u00e0 des s\u00e9minaires, conf\u00e9rences, manifestations sportives, culturelles ou \u00e9ducatives organis\u00e9es par des organisations \u00e0 but non lucratif ;<br data-start=\"1107\" data-end=\"1110\" \/>\u2022 Les membres suivants de la famille de citoyens de l\u2019UE\/EEE lorsqu\u2019ils accompagnent ou rejoignent le citoyen UE\/EEE, tels que d\u00e9finis par la Directive 2004\/38\/CE et le d\u00e9cret l\u00e9gislatif 30\/2007 :<\/p>\n<ol data-start=\"1309\" data-end=\"1674\">\n<li data-start=\"1309\" data-end=\"1327\">\n<p data-start=\"1312\" data-end=\"1327\">le conjoint ;<\/p>\n<\/li>\n<li data-start=\"1328\" data-end=\"1414\">\n<p data-start=\"1331\" data-end=\"1414\">le partenaire ayant contract\u00e9 une union enregistr\u00e9e reconnue par un \u00c9tat membre ;<\/p>\n<\/li>\n<li data-start=\"1415\" data-end=\"1523\">\n<p data-start=\"1418\" data-end=\"1523\">les descendants directs \u00e2g\u00e9s de moins de 21 ans ou \u00e0 charge, ainsi que ceux du conjoint ou partenaire ;<\/p>\n<\/li>\n<li data-start=\"1524\" data-end=\"1674\">\n<p data-start=\"1527\" data-end=\"1674\">les ascendants directs \u00e0 charge, ainsi que ceux du conjoint ou partenaire ;<br data-start=\"1602\" data-end=\"1605\" \/>\u2022 Les titulaires de passeports diplomatiques sont \u00e9galement exempt\u00e9s.<\/p>\n<\/li>\n<\/ol>\n<p data-start=\"1676\" data-end=\"2012\"><strong data-start=\"1676\" data-end=\"1793\">En cas de d\u00e9p\u00f4t de demande de visa aupr\u00e8s du Centre externalis\u00e9, des frais de service seront exig\u00e9s (10.496 XOF).<\/strong><br data-start=\"1793\" data-end=\"1796\" \/>Des services suppl\u00e9mentaires sont disponibles sur demande et moyennant paiement (voir : <a class=\"\" href=\"https:\/\/www.blsitalyvisa.com\/senegal\/page\/additional_services\" target=\"_new\" rel=\"noopener\" data-start=\"1884\" data-end=\"2010\">https:\/\/www.blsitalyvisa.com\/senegal\/page\/additional_services<\/a>).<\/p>\n<p data-start=\"2014\" data-end=\"2240\"><strong data-start=\"2014\" data-end=\"2029\">ATTENTION :<\/strong> Veuillez noter que les proc\u00e9dures susmentionn\u00e9es sont les seules valables pour la prise de rendez-vous. Ne faites pas confiance \u00e0 quiconque pr\u00e9tend frauduleusement offrir des \u00ab voies pr\u00e9f\u00e9rentielles \u00bb payantes.<\/p>\n<h3 data-start=\"2247\" data-end=\"2292\">D\u00c9LAIS DE TRAITEMENT DES DEMANDES DE VISA<\/h3>\n<p data-start=\"2294\" data-end=\"2539\">L\u2019Ambassade d\u2019Italie \u00e0 Dakar traite les demandes de visa pour tourisme individuel et affaires en trois jours ouvrables \u00e0 compter de la remise du passeport. Des d\u00e9lais plus longs peuvent \u00eatre n\u00e9cessaires en cas de v\u00e9rifications suppl\u00e9mentaires.<\/p>\n<p data-start=\"2541\" data-end=\"2872\">La r\u00e9glementation Schengen pr\u00e9voit un d\u00e9lai maximum de 15 jours, extensible \u00e0 45 jours si n\u00e9cessaire (art. 23 du Code des Visas Schengen). Pour les visas nationaux, les d\u00e9lais sont g\u00e9n\u00e9ralement de 90 jours, r\u00e9duits \u00e0 30 jours pour les visas familiaux ou de travail salari\u00e9, et \u00e9tendus jusqu\u2019\u00e0 120 jours pour le travail ind\u00e9pendant.<\/p>\n<p data-start=\"2874\" data-end=\"3062\"><strong data-start=\"2874\" data-end=\"2986\">Il est recommand\u00e9 de pr\u00e9senter la demande de visa bien \u00e0 l\u2019avance (au moins 15 jours avant le d\u00e9part pr\u00e9vu).<\/strong><br data-start=\"2986\" data-end=\"2989\" \/>La demande peut \u00eatre introduite jusqu\u2019\u00e0 six mois avant la date de d\u00e9part.<\/p>\n<p data-start=\"3064\" data-end=\"3179\"><strong data-start=\"3064\" data-end=\"3179\">Des d\u00e9lais suppl\u00e9mentaires peuvent s\u2019appliquer pour les ressortissants de pays soumis \u00e0 consultation pr\u00e9alable.<\/strong><\/p>\n<p><strong>**DONN\u00c9ES BIOM\u00c9TRIQUES (VISA INFORMATION SYSTEM)**<\/strong><\/p>\n<p>\u00c0 partir du 12 octobre 2015, tous les demandeurs de visa doivent fournir leurs donn\u00e9es biom\u00e9triques (empreintes digitales des dix doigts et une photo) lors de la demande de visa Schengen. Les demandeurs doivent donc se pr\u00e9senter en personne au moment de la demande de visa. Il s&rsquo;agit d&rsquo;une proc\u00e9dure simple et qui ne prend que quelques minutes. Comme les informations sur les donn\u00e9es biom\u00e9triques seront conserv\u00e9es pendant 59 mois, pour de futures demandes de visa, il ne sera pas n\u00e9cessaire de pr\u00e9lever \u00e0 nouveau les empreintes digitales, et la demande de visa ne n\u00e9cessitera donc pas une nouvelle pr\u00e9sentation en personne.<\/p>\n<p>L&rsquo;exemption de l&rsquo;obligation de collecte des empreintes digitales concerne un nombre limit\u00e9 de demandeurs de visa : les enfants de moins de 12 ans et les personnes pour lesquelles la collecte des empreintes digitales est physiquement impossible. Sont \u00e9galement exempt\u00e9s, lors de visites officielles, les chefs d&rsquo;\u00c9tat et les membres du gouvernement, ainsi que les membres de la d\u00e9l\u00e9gation et les conjoints.<\/p>\n<p>L&rsquo;Italie ne demande pas la collecte des donn\u00e9es biom\u00e9triques pour les visas nationaux.<\/p>\n<p>&nbsp;<\/p>\n<p><strong>**INFORMATIONS UTILES**<\/strong><\/p>\n<p>L&rsquo;obtention du visa ne conf\u00e8re pas automatiquement le droit d&rsquo;entr\u00e9e dans l&rsquo;espace Schengen.<\/p>\n<p>Il est port\u00e9 \u00e0 l&rsquo;attention des demandeurs de visa que la simple possession d&rsquo;un visa ne conf\u00e8re pas automatiquement le droit d&rsquo;entr\u00e9e dans l&rsquo;espace Schengen et que les titulaires d&rsquo;un visa peuvent \u00eatre invit\u00e9s, une fois arriv\u00e9s \u00e0 la fronti\u00e8re ext\u00e9rieure de l&rsquo;espace Schengen ou lors d&rsquo;autres contr\u00f4les, \u00e0 fournir des informations sur les moyens de subsistance, la dur\u00e9e pr\u00e9vue du s\u00e9jour dans l&rsquo;espace Schengen et le motif du voyage.<\/p>\n<p>Il est recommand\u00e9 de porter une copie des documents pr\u00e9sent\u00e9s lors de la demande de visa (tels que, par exemple, lettres d&rsquo;invitation, r\u00e9servations d&rsquo;h\u00f4tel et de vol ou autres documents permettant de prouver le motif du voyage). Pour plus d&rsquo;informations, voir l&rsquo;article 5 du Code des fronti\u00e8res Schengen (lien).<\/p>\n<p><strong>**Que se passe-t-il en cas de refus de visa ?**<\/strong><\/p>\n<p>Les \u00e9ventuelles d\u00e9cisions n\u00e9gatives concernant les demandes de visa seront notifi\u00e9es au demandeur. Les motifs du refus de visa sont indiqu\u00e9s dans la d\u00e9cision de refus. Le demandeur dont la demande a \u00e9t\u00e9 refus\u00e9e a le droit de pr\u00e9senter une nouvelle demande de visa, en compl\u00e9tant d&rsquo;\u00e9ventuels documents manquants, ou de faire appel. Tout appel doit \u00eatre pr\u00e9sent\u00e9 devant le Tribunal administratif r\u00e9gional (T.A.R.) du Latium, avec l&rsquo;assistance d&rsquo;un avocat, dans les 60 jours suivant la notification de la d\u00e9cision de refus. L&rsquo;appel doit \u00eatre notifi\u00e9, sous peine de nullit\u00e9 (en vertu de l&rsquo;article 144 du Code de proc\u00e9dure civile et de l&rsquo;article 11 du d\u00e9cret royal n\u00b0 1611 de 1933), \u00e0 l&rsquo;Avocature d&rsquo;\u00c9tat comp\u00e9tente.<\/p>\n<p>Pour les visas pour des motifs familiaux uniquement, l&rsquo;appel doit \u00eatre d\u00e9pos\u00e9 aupr\u00e8s du tribunal ordinaire du lieu de r\u00e9sidence du demandeur en Italie.<\/p>\n<p><strong>**Comment utiliser correctement un visa Schengen**<\/strong><\/p>\n<p>Le visa Schengen donne le droit de circuler dans les pays de l&rsquo;espace Schengen. Il est possible de rester dans l&rsquo;espace Schengen uniquement pour le nombre de jours indiqu\u00e9s sur le visa, qui doit \u00eatre utilis\u00e9 exclusivement pendant la p\u00e9riode indiqu\u00e9e \u00ab\u00a0du\u00a0\u00bb au \u00ab\u00a0. La mention \u00ab\u00a0Dur\u00e9e du s\u00e9jour &#8230; jours\u00a0\u00bb indique le nombre de jours qu&rsquo;il est possible de passer dans l&rsquo;espace Schengen, \u00e0 partir de la date d&rsquo;entr\u00e9e dans le territoire Schengen (\u00e0 compter sur la base des tampons d&rsquo;entr\u00e9e et de sortie). La p\u00e9riode indiqu\u00e9e \u00ab\u00a0De&#8230;\u00e0\u00a0\u00bb peut \u00eatre plus longue que la \u00ab\u00a0Dur\u00e9e du s\u00e9jour\u00a0\u00bb afin de permettre une certaine flexibilit\u00e9. Cependant, il n&rsquo;est pas possible de rester dans l&rsquo;espace Schengen plus de jours que ceux indiqu\u00e9s sous la rubrique \u00ab\u00a0Dur\u00e9e du s\u00e9jour&#8230;jours\u00a0\u00bb. De plus, il n&rsquo;est pas possible de s\u00e9journer au-del\u00e0 de la date indiqu\u00e9e sous la rubrique \u00ab\u00a0Jusqu&rsquo;au\u00a0\u00bb.<\/p>\n<p>Le nombre d&rsquo;entr\u00e9es autoris\u00e9es peut \u00eatre : une, deux ou multiples. Ceux qui ont besoin de se rendre fr\u00e9quemment dans l&rsquo;espace Schengen peuvent demander des visas \u00e0 entr\u00e9es multiples d&rsquo;une dur\u00e9e maximale de 5 ans. Les d\u00e9tenteurs de visas \u00e0 entr\u00e9es multiples doivent se rappeler qu&rsquo;en vertu de la r\u00e9glementation, il est possible de rester dans l&rsquo;espace Schengen pendant un maximum de 90 jours tous les 180 jours.<\/p>\n<p><strong>**Comment utiliser correctement un visa national italien**<\/strong><\/p>\n<p>Une fois arriv\u00e9 en Italie avec un visa national italien, il est n\u00e9cessaire de se rendre dans les 8 jours ouvrables aupr\u00e8s de la Questura comp\u00e9tente de la province o\u00f9 l&rsquo;on souhaite r\u00e9sider pour demander un permis de s\u00e9jour. La dur\u00e9e du permis de s\u00e9jour correspondra \u00e0 celle indiqu\u00e9e sur le visa. Le permis de s\u00e9jour doit \u00eatre renouvel\u00e9 directement en Italie.<\/p>\n<p><strong>**Informations suppl\u00e9mentaires**<\/strong><\/p>\n<p>Pour toute information suppl\u00e9mentaire, veuillez consulter directement le site du minist\u00e8re des Affaires \u00e9trang\u00e8res et de la Coop\u00e9ration internationale (<a href=\"https:\/\/www.esteri.it\/it\/\">https:\/\/www.esteri.it\/it\/<\/a>) et le site de la Commission europ\u00e9enne (<a href=\"https:\/\/home-affairs.ec.europa.eu\/policies\/schengen-borders-and-visa_en\">https:\/\/home-affairs.ec.europa.eu\/policies\/schengen-borders-and-visa_en<\/a>).<\/p>\n<p>Protection des personnes physiques en ce qui concerne le traitement des donn\u00e9es personnelles aux fins de la d\u00e9livrance d&rsquo;un visa d&rsquo;entr\u00e9e en Italie et dans l&rsquo;espace Schengen.<\/p>\n<p><a href=\"https:\/\/eur-lex.europa.eu\/legal-content\/EN\/TXT\/?uri=CELEX%3A02016R0679-20160504\">Regolamento Generale sulla Protezione dei Dati (UE) 2016\/679<\/a><\/p>\n","protected":false},"excerpt":{"rendered":"**Voulez-vous aller en Italie ? Vous avez besoin d&rsquo;un visa !** D\u00e9couvrez quel est le visa appropri\u00e9 en fonction de vos besoins. Informez-vous sur les documents \u00e0 pr\u00e9parer et o\u00f9 d\u00e9poser votre demande de visa. Apprenez comment utiliser correctement les diff\u00e9rents types de visas, quels sont vos droits et vos devoirs en suivant les indications [&hellip;]","protected":false},"author":1,"featured_media":0,"parent":188,"menu_order":2,"comment_status":"closed","ping_status":"closed","template":"","meta":{"footnotes":""},"class_list":["post-202","page","type-page","status-publish","hentry"],"_links":{"self":[{"href":"https:\/\/ambdakar.esteri.it\/fr\/wp-json\/wp\/v2\/pages\/202","targetHints":{"allow":["GET"]}}],"collection":[{"href":"https:\/\/ambdakar.esteri.it\/fr\/wp-json\/wp\/v2\/pages"}],"about":[{"href":"https:\/\/ambdakar.esteri.it\/fr\/wp-json\/wp\/v2\/types\/page"}],"author":[{"embeddable":true,"href":"https:\/\/ambdakar.esteri.it\/fr\/wp-json\/wp\/v2\/users\/1"}],"replies":[{"embeddable":true,"href":"https:\/\/ambdakar.esteri.it\/fr\/wp-json\/wp\/v2\/comments?post=202"}],"version-history":[{"count":7,"href":"https:\/\/ambdakar.esteri.it\/fr\/wp-json\/wp\/v2\/pages\/202\/revisions"}],"predecessor-version":[{"id":3923,"href":"https:\/\/ambdakar.esteri.it\/fr\/wp-json\/wp\/v2\/pages\/202\/revisions\/3923"}],"up":[{"embeddable":true,"href":"https:\/\/ambdakar.esteri.it\/fr\/wp-json\/wp\/v2\/pages\/188"}],"wp:attachment":[{"href":"https:\/\/ambdakar.esteri.it\/fr\/wp-json\/wp\/v2\/media?parent=202"}],"curies":[{"name":"wp","href":"https:\/\/api.w.org\/{rel}","templated":true}]}}