{"id":33,"date":"2023-04-11T17:45:43","date_gmt":"2023-04-11T15:45:43","guid":{"rendered":"https:\/\/ambasciatapraga.esteri.it\/?page_id=33"},"modified":"2023-04-11T17:45:43","modified_gmt":"2023-04-11T15:45:43","slug":"dall_ambasciata","status":"publish","type":"page","link":"https:\/\/ambdakar.esteri.it\/it\/news\/dall_ambasciata\/","title":{"rendered":"Dall&#8217;Ambasciata"},"content":{"rendered":"        <div class=\"row\">\n\t\t\t<!-- Ricerca sedi post -->\n\t\t\t<div class=\"col-12 mt-4\">\n\t\t\t  <div class=\"callout callout-highlight note ricerca-esteri p-4\">\n                    <div class=\"callout-title\">\n                        <svg class=\"icon\">\n                            <use xlink:href=\"https:\/\/ambdakar.esteri.it\/wp-content\/themes\/sedi-tema\/assets\/svg\/sprites.svg#it-search\"><\/use>\n                        <\/svg>Inserisci i parametri di ricerca                    <\/div>\n                    <form id=\"searchFormPost\" name=\"form-search-post\" class=\"form-row align-items-center\" action=\"https:\/\/ambdakar.esteri.it\/it\/wp-json\/wp\/v2\/pages\/33\/\" method=\"GET\"> \n                        <!-- <div class=\"form-group pt-5\"> -->\n                            <!-- <input type=\"hidden\" id=\"lang\" name=\"lang\" value=\"\"> --> <!-- <\/div> -->\n\n                        <div class=\"it-datepicker-wrapper\">\n                            <div class=\"row\">\n                                <div class=\"form-group col-md-6\">\n                                    <label class=\"active\" for=\"date-init\">Dal<\/label>\n                                    <input class=\"form-control\" name=\"date-init\" id=\"date-init\" type=\"date\" placeholder=\"gg\/mm\/aaaa\" value=\"\"lang=\"en-EN\">  \n                                <\/div>\n                                <div class=\"form-group col-md-6\">\n                                    <label class=\"active\" for=\"date-end\">Al<\/label>\n                                    <input class=\"form-control\" name=\"date-end\" id=\"date-end\" type=\"date\" placeholder=\"gg\/mm\/aaaa\" value=\"\">\n                                <\/div>\n                            <\/div>\n                        <\/div>\n                        <div class=\"form-group col-md-12 mt-3\">\n                            <label for=\"searchText\">Campo ricerca libera<\/label>\n                            <input type=\"text\" name=\"searchText\" class=\"form-control\" id=\"searchText\" value=\"\">\n                        <\/div>\n                        <div class=\"form-group col-md-4 offset-md-8 text-end\">\n                            <a href=\"https:\/\/ambdakar.esteri.it\/it\/news\/dall_ambasciata\/\" title=\"Form reset\" id=\"resetImput\" class=\"btn btn-outline-primary btn-xs\">Reset<\/a>\n                            <button type=\"submit\" class=\"btn btn-primary btn-xs\">Mostra risultati<\/button>\n                        <\/div>\n                    <\/form>\n\t\t\t\t<\/div>\n\t\t\t<\/div>\n\t\t<\/div>\n                    \n            <div class=\"row\">\n                            <div class=\"col-12 mt-3\">\n                <!--start card-->\n                <div class=\"card-wrapper card-space\">\n                    <div class=\"card card-bg card-big border-bottom-card\">\n                        <div class=\"card-body \">\n                                                        <div class=\"category-top\">\n                                                                                                            <span class=\"\">\n                                        <svg class=\"icon icon-secondary\">\n                                            <use xlink:href=\"https:\/\/ambdakar.esteri.it\/wp-content\/themes\/sedi-tema\/assets\/svg\/sprites.svg#it-calendar\"><\/use>\n                                        <\/svg> 23 Aprile 2026                                    <\/span>\n                                                                    <\/div>\n                            <h5 class=\"card-title big-heading text-uppercase\"><a class=\"text-body text-decoration-none\" href=\"https:\/\/ambdakar.esteri.it\/it\/news\/dall_ambasciata\/2026\/04\/celebrazione-della-ix-edizione-della-giornata-della-ricerca-italiana-nel-mondo\/\" title=\"Celebrazione della IX edizione della Giornata della Ricerca Italiana nel Mondo\">Celebrazione della IX edizione della Giornata della Ricerca Italiana nel Mondo<\/a><\/h5>\n                            <p class=\"card-text\">In occasione della IX edizione della Giornata della Ricerca Italiana nel Mondo, l&#8217;Ambasciata d&#8217;Italia a Dakar ha organizzato un evento presso la Residenza dell&#8217;Ambasciatrice con l&#8217;obiettivo di presentare le attivit\u00e0 di diplomazia scientifica svolte dall&#8217;Italia in Senegal a un ampio pubblico di pi\u00f9 di 130 invitati provenienti dai settori accademico, scientifico, istituzionale e imprenditoriale del [&hellip;]<\/p>\n                                <a title=\"Celebrazione della IX edizione della Giornata della Ricerca Italiana nel Mondo\" class=\"read-more\" href=\"https:\/\/ambdakar.esteri.it\/it\/news\/dall_ambasciata\/2026\/04\/celebrazione-della-ix-edizione-della-giornata-della-ricerca-italiana-nel-mondo\/\">\n                                    <span class=\"text\">Leggi di pi\u00f9<\/span>\n                                    <svg class=\"icon\">\n                                    <use xlink:href=\"https:\/\/ambdakar.esteri.it\/wp-content\/themes\/sedi-tema\/assets\/svg\/sprites.svg#it-arrow-right\"><\/use>\n                                    <\/svg>\n                                <\/a>\n                                                    <\/div>\n                    <\/div>\n                <\/div>\n                <!--end card-->\n                <\/div><!-- col-12 .mt-3-->\n                            <div class=\"col-12 mt-3\">\n                <!--start card-->\n                <div class=\"card-wrapper card-space\">\n                    <div class=\"card card-bg card-big border-bottom-card\">\n                        <div class=\"card-body \">\n                                                        <div class=\"category-top\">\n                                                                                                            <span class=\"\">\n                                        <svg class=\"icon icon-secondary\">\n                                            <use xlink:href=\"https:\/\/ambdakar.esteri.it\/wp-content\/themes\/sedi-tema\/assets\/svg\/sprites.svg#it-calendar\"><\/use>\n                                        <\/svg> 21 Aprile 2026                                    <\/span>\n                                                                    <\/div>\n                            <h5 class=\"card-title big-heading text-uppercase\"><a class=\"text-body text-decoration-none\" href=\"https:\/\/ambdakar.esteri.it\/it\/news\/dall_ambasciata\/2026\/04\/istituto-italiano-di-cultura-avviso-di-assunzione-di-un-collaboratore-amministrativo-a-contratto-temporaneo\/\" title=\"Istituto Italiano di Cultura &#8211; Avviso di assunzione di un collaboratore amministrativo a contratto temporaneo\">Istituto Italiano di Cultura &#8211; Avviso di assunzione di un collaboratore amministrativo a contratto temporaneo<\/a><\/h5>\n                            <p class=\"card-text\">L\u2019Ambasciata d\u201dItalia a Dakar informa che l\u2019Istituto Italiano di Cultura di Dakar intende assumere un\u00a0impiegato\/a da adibire ai servizi di collaboratore amministrativo\u00a0con contratto a tempo determinato della durata di 6 mesi. Le candidature dovranno pervenire\u00a0entro e non oltre le ore 17:00 (orario Senegal) del giorno 4 maggio 2026\u00a0all\u2019indirizzo\u00a0iicdakar.segreteria@esteri.it Si prega di prendere visione dell\u2019avviso di [&hellip;]<\/p>\n                                <a title=\"Istituto Italiano di Cultura &#8211; Avviso di assunzione di un collaboratore amministrativo a contratto temporaneo\" class=\"read-more\" href=\"https:\/\/ambdakar.esteri.it\/it\/news\/dall_ambasciata\/2026\/04\/istituto-italiano-di-cultura-avviso-di-assunzione-di-un-collaboratore-amministrativo-a-contratto-temporaneo\/\">\n                                    <span class=\"text\">Leggi di pi\u00f9<\/span>\n                                    <svg class=\"icon\">\n                                    <use xlink:href=\"https:\/\/ambdakar.esteri.it\/wp-content\/themes\/sedi-tema\/assets\/svg\/sprites.svg#it-arrow-right\"><\/use>\n                                    <\/svg>\n                                <\/a>\n                                                    <\/div>\n                    <\/div>\n                <\/div>\n                <!--end card-->\n                <\/div><!-- col-12 .mt-3-->\n                            <div class=\"col-12 mt-3\">\n                <!--start card-->\n                <div class=\"card-wrapper card-space\">\n                    <div class=\"card card-bg card-big border-bottom-card\">\n                        <div class=\"card-body \">\n                                                        <div class=\"category-top\">\n                                                                                                            <span class=\"\">\n                                        <svg class=\"icon icon-secondary\">\n                                            <use xlink:href=\"https:\/\/ambdakar.esteri.it\/wp-content\/themes\/sedi-tema\/assets\/svg\/sprites.svg#it-calendar\"><\/use>\n                                        <\/svg> 13 Marzo 2026                                    <\/span>\n                                                                    <\/div>\n                            <h5 class=\"card-title big-heading text-uppercase\"><a class=\"text-body text-decoration-none\" href=\"https:\/\/ambdakar.esteri.it\/it\/news\/dall_ambasciata\/2026\/03\/borse-di-studio-offerte-dal-governo-italiano-a-studenti-stranieri-e-italiani-residenti-allestero-ire-3\/\" title=\"Borse di studio offerte dal Governo italiano a studenti stranieri e italiani residenti all\u2019estero (IRE)\">Borse di studio offerte dal Governo italiano a studenti stranieri e italiani residenti all\u2019estero (IRE)<\/a><\/h5>\n                            <p class=\"card-text\">Il\u00a0Ministero degli Affari Esteri e della Cooperazione Internazionale\u00a0(MAECI)\u00a0offre\u00a0borse di studio\u00a0in favore di\u00a0studenti stranieri\u00a0e\u00a0Italiani Residenti all\u2019Estero (IRE)\u00a0per\u00a0l\u2019anno accademico 2026-2027, con l\u2019obiettivo di favorire la cooperazione in campo culturale, scientifico e tecnologico, la proiezione del sistema economico dell\u2019Italia nel mondo e la diffusione della conoscenza della lingua e cultura italiana (Rif. Legge 288\/55 e successive modifiche e [&hellip;]<\/p>\n                                <a title=\"Borse di studio offerte dal Governo italiano a studenti stranieri e italiani residenti all\u2019estero (IRE)\" class=\"read-more\" href=\"https:\/\/ambdakar.esteri.it\/it\/news\/dall_ambasciata\/2026\/03\/borse-di-studio-offerte-dal-governo-italiano-a-studenti-stranieri-e-italiani-residenti-allestero-ire-3\/\">\n                                    <span class=\"text\">Leggi di pi\u00f9<\/span>\n                                    <svg class=\"icon\">\n                                    <use xlink:href=\"https:\/\/ambdakar.esteri.it\/wp-content\/themes\/sedi-tema\/assets\/svg\/sprites.svg#it-arrow-right\"><\/use>\n                                    <\/svg>\n                                <\/a>\n                                                    <\/div>\n                    <\/div>\n                <\/div>\n                <!--end card-->\n                <\/div><!-- col-12 .mt-3-->\n                            <div class=\"col-12 mt-3\">\n                <!--start card-->\n                <div class=\"card-wrapper card-space\">\n                    <div class=\"card card-bg card-big border-bottom-card\">\n                        <div class=\"card-body \">\n                                                        <div class=\"category-top\">\n                                                                                                            <span class=\"\">\n                                        <svg class=\"icon icon-secondary\">\n                                            <use xlink:href=\"https:\/\/ambdakar.esteri.it\/wp-content\/themes\/sedi-tema\/assets\/svg\/sprites.svg#it-calendar\"><\/use>\n                                        <\/svg> 6 Marzo 2026                                    <\/span>\n                                                                    <\/div>\n                            <h5 class=\"card-title big-heading text-uppercase\"><a class=\"text-body text-decoration-none\" href=\"https:\/\/ambdakar.esteri.it\/it\/news\/dall_ambasciata\/2026\/03\/prenotazione-appuntamenti-per-il-deposito-della-domanda-di-visto-schengen-tramite-il-portale-prenotmi\/\" title=\"Prenotazione appuntamenti per il deposito della domanda di visto Schengen tramite il portale Prenot@mi\">Prenotazione appuntamenti per il deposito della domanda di visto Schengen tramite il portale Prenot@mi<\/a><\/h5>\n                            <p class=\"card-text\">Si informa l&#8217;utenza che a partire da luned\u00ec 9 marzo sar\u00e0 possibile prenotare gli appuntamenti per il deposito delle domande di visto Schengen tramite il portale Prenot@mi. Si precisa che il deposito delle domande continuer\u00e0 ad avvenire presso l\u2019agenzia BLS International. Per segnalare eventuali urgenze si consiglia di inviare una mail all&#8217;indirizzo visa.ambdakar@esteri.it. Rimane attiva [&hellip;]<\/p>\n                                <a title=\"Prenotazione appuntamenti per il deposito della domanda di visto Schengen tramite il portale Prenot@mi\" class=\"read-more\" href=\"https:\/\/ambdakar.esteri.it\/it\/news\/dall_ambasciata\/2026\/03\/prenotazione-appuntamenti-per-il-deposito-della-domanda-di-visto-schengen-tramite-il-portale-prenotmi\/\">\n                                    <span class=\"text\">Leggi di pi\u00f9<\/span>\n                                    <svg class=\"icon\">\n                                    <use xlink:href=\"https:\/\/ambdakar.esteri.it\/wp-content\/themes\/sedi-tema\/assets\/svg\/sprites.svg#it-arrow-right\"><\/use>\n                                    <\/svg>\n                                <\/a>\n                                                    <\/div>\n                    <\/div>\n                <\/div>\n                <!--end card-->\n                <\/div><!-- col-12 .mt-3-->\n                            <div class=\"col-12 mt-3\">\n                <!--start card-->\n                <div class=\"card-wrapper card-space\">\n                    <div class=\"card card-bg card-big border-bottom-card\">\n                        <div class=\"card-body \">\n                                                        <div class=\"category-top\">\n                                                                                                            <span class=\"\">\n                                        <svg class=\"icon icon-secondary\">\n                                            <use xlink:href=\"https:\/\/ambdakar.esteri.it\/wp-content\/themes\/sedi-tema\/assets\/svg\/sprites.svg#it-calendar\"><\/use>\n                                        <\/svg> 3 Marzo 2026                                    <\/span>\n                                                                    <\/div>\n                            <h5 class=\"card-title big-heading text-uppercase\"><a class=\"text-body text-decoration-none\" href=\"https:\/\/ambdakar.esteri.it\/it\/news\/dall_ambasciata\/2026\/03\/referendum-costituzionale-2026-rilascio-dei-duplicati\/\" title=\"REFERENDUM COSTITUZIONALE 2026: RILASCIO DEI DUPLICATI\">REFERENDUM COSTITUZIONALE 2026: RILASCIO DEI DUPLICATI<\/a><\/h5>\n                            <p class=\"card-text\">Si informa che A PARTIRE DA DOMENICA 8 MARZO 2026 gli elettori che non hanno ricevuto il plico elettorale per il voto per corrispondenza in occasione del referendum costituzionale del 22 e 23 marzo al proprio indirizzo di residenza potranno richiederne un DUPLICATO a questa Ambasciata. La richiesta di duplicato potr\u00e0 essere presentata di persona [&hellip;]<\/p>\n                                <a title=\"REFERENDUM COSTITUZIONALE 2026: RILASCIO DEI DUPLICATI\" class=\"read-more\" href=\"https:\/\/ambdakar.esteri.it\/it\/news\/dall_ambasciata\/2026\/03\/referendum-costituzionale-2026-rilascio-dei-duplicati\/\">\n                                    <span class=\"text\">Leggi di pi\u00f9<\/span>\n                                    <svg class=\"icon\">\n                                    <use xlink:href=\"https:\/\/ambdakar.esteri.it\/wp-content\/themes\/sedi-tema\/assets\/svg\/sprites.svg#it-arrow-right\"><\/use>\n                                    <\/svg>\n                                <\/a>\n                                                    <\/div>\n                    <\/div>\n                <\/div>\n                <!--end card-->\n                <\/div><!-- col-12 .mt-3-->\n                            <div class=\"col-12 mt-3\">\n                <!--start card-->\n                <div class=\"card-wrapper card-space\">\n                    <div class=\"card card-bg card-big border-bottom-card\">\n                        <div class=\"card-body \">\n                                                        <div class=\"category-top\">\n                                                                                                            <span class=\"\">\n                                        <svg class=\"icon icon-secondary\">\n                                            <use xlink:href=\"https:\/\/ambdakar.esteri.it\/wp-content\/themes\/sedi-tema\/assets\/svg\/sprites.svg#it-calendar\"><\/use>\n                                        <\/svg> 3 Marzo 2026                                    <\/span>\n                                                                    <\/div>\n                            <h5 class=\"card-title big-heading text-uppercase\"><a class=\"text-body text-decoration-none\" href=\"https:\/\/ambdakar.esteri.it\/it\/news\/dall_ambasciata\/2026\/03\/referendum-costituzionale-confermativo-dei-giorni-22-e-23-marzo-2026-spedizione-schede-elettorali\/\" title=\"REFERENDUM COSTITUZIONALE CONFERMATIVO DEI GIORNI 22 e 23 marzo 2026: SPEDIZIONE SCHEDE ELETTORALI\">REFERENDUM COSTITUZIONALE CONFERMATIVO DEI GIORNI 22 e 23 marzo 2026: SPEDIZIONE SCHEDE ELETTORALI<\/a><\/h5>\n                            <p class=\"card-text\">E\u2019 in corso la spedizione delle schede elettorali per votare sul quesito riguardante la c.d. \u201cRiforma della giustizia\u201d. La busta preaffrancata, contenente le schede elettorali, dovr\u00e0 pervenire all&#8217;Ambasciata entro le ore 16 di gioved\u00ec\u00a019 marzo. Nel foglio informativo troverai tutte le indicazioni per votare e restituire le schede all&#8217;Ambasciata.<\/p>\n                                <a title=\"REFERENDUM COSTITUZIONALE CONFERMATIVO DEI GIORNI 22 e 23 marzo 2026: SPEDIZIONE SCHEDE ELETTORALI\" class=\"read-more\" href=\"https:\/\/ambdakar.esteri.it\/it\/news\/dall_ambasciata\/2026\/03\/referendum-costituzionale-confermativo-dei-giorni-22-e-23-marzo-2026-spedizione-schede-elettorali\/\">\n                                    <span class=\"text\">Leggi di pi\u00f9<\/span>\n                                    <svg class=\"icon\">\n                                    <use xlink:href=\"https:\/\/ambdakar.esteri.it\/wp-content\/themes\/sedi-tema\/assets\/svg\/sprites.svg#it-arrow-right\"><\/use>\n                                    <\/svg>\n                                <\/a>\n                                                    <\/div>\n                    <\/div>\n                <\/div>\n                <!--end card-->\n                <\/div><!-- col-12 .mt-3-->\n                            <div class=\"col-12 mt-3\">\n                <!--start card-->\n                <div class=\"card-wrapper card-space\">\n                    <div class=\"card card-bg card-big border-bottom-card\">\n                        <div class=\"card-body \">\n                                                        <div class=\"category-top\">\n                                                                                                            <span class=\"\">\n                                        <svg class=\"icon icon-secondary\">\n                                            <use xlink:href=\"https:\/\/ambdakar.esteri.it\/wp-content\/themes\/sedi-tema\/assets\/svg\/sprites.svg#it-calendar\"><\/use>\n                                        <\/svg> 24 Febbraio 2026                                    <\/span>\n                                                                    <\/div>\n                            <h5 class=\"card-title big-heading text-uppercase\"><a class=\"text-body text-decoration-none\" href=\"https:\/\/ambdakar.esteri.it\/it\/news\/dall_ambasciata\/2026\/02\/premi-e-contributi-per-linternazionalizzazione-delle-opere-italiane-bando-2026\/\" title=\"Premi e contributi per l\u2019internazionalizzazione delle opere italiane &#8211; bando 2026\">Premi e contributi per l\u2019internazionalizzazione delle opere italiane &#8211; bando 2026<\/a><\/h5>\n                            <p class=\"card-text\">Il Ministero degli Affari Esteri e della Cooperazione Internazionale ha indetto per il 2026 un bando volto all\u2019attribuzione di premi e contributi alle traduzioni di opere letterarie e scientifiche (anche su supporto digitale) e alla produzione, doppiaggio o sottotitolatura in lingua straniera di cortometraggi, lungometraggi e serie televisive. Si rimanda al bando in allegato per [&hellip;]<\/p>\n                                <a title=\"Premi e contributi per l\u2019internazionalizzazione delle opere italiane &#8211; bando 2026\" class=\"read-more\" href=\"https:\/\/ambdakar.esteri.it\/it\/news\/dall_ambasciata\/2026\/02\/premi-e-contributi-per-linternazionalizzazione-delle-opere-italiane-bando-2026\/\">\n                                    <span class=\"text\">Leggi di pi\u00f9<\/span>\n                                    <svg class=\"icon\">\n                                    <use xlink:href=\"https:\/\/ambdakar.esteri.it\/wp-content\/themes\/sedi-tema\/assets\/svg\/sprites.svg#it-arrow-right\"><\/use>\n                                    <\/svg>\n                                <\/a>\n                                                    <\/div>\n                    <\/div>\n                <\/div>\n                <!--end card-->\n                <\/div><!-- col-12 .mt-3-->\n                            <div class=\"col-12 mt-3\">\n                <!--start card-->\n                <div class=\"card-wrapper card-space\">\n                    <div class=\"card card-bg card-big border-bottom-card\">\n                        <div class=\"card-body \">\n                                                        <div class=\"category-top\">\n                                                                                                            <span class=\"\">\n                                        <svg class=\"icon icon-secondary\">\n                                            <use xlink:href=\"https:\/\/ambdakar.esteri.it\/wp-content\/themes\/sedi-tema\/assets\/svg\/sprites.svg#it-calendar\"><\/use>\n                                        <\/svg> 23 Febbraio 2026                                    <\/span>\n                                                                    <\/div>\n                            <h5 class=\"card-title big-heading text-uppercase\"><a class=\"text-body text-decoration-none\" href=\"https:\/\/ambdakar.esteri.it\/it\/news\/dall_ambasciata\/2026\/02\/borse-di-studio-delluniversita-di-brescia-e-luniversita-ca-foscari-di-venezia\/\" title=\"Borse di studio dell&#8217;Universit\u00e0 di Brescia, l&#8217;Universit\u00e0 Ca&#8217; Foscari di Venezia e l&#8217;Universit\u00e0 di Verona\">Borse di studio dell&#8217;Universit\u00e0 di Brescia, l&#8217;Universit\u00e0 Ca&#8217; Foscari di Venezia e l&#8217;Universit\u00e0 di Verona<\/a><\/h5>\n                            <p class=\"card-text\">L&#8217;Universit\u00e0 di Brescia, l\u2019Universit\u00e0 Ca\u2019 Foscari di Venezia, e l\u2019Universit\u00e0 di Verona mettono a disposizione borse di studio destinate a cittadini non appartenenti a paesi dell\u2019Unione Europea per frequentare corsi di laurea triennale e magistrale per l\u2019anno accademico 2026\/2027. I corsi sono in italiano o in inglese. Il bando dell&#8217;Universit\u00e0 di Brescia per l&#8217;ammissione alla [&hellip;]<\/p>\n                                <a title=\"Borse di studio dell&#8217;Universit\u00e0 di Brescia, l&#8217;Universit\u00e0 Ca&#8217; Foscari di Venezia e l&#8217;Universit\u00e0 di Verona\" class=\"read-more\" href=\"https:\/\/ambdakar.esteri.it\/it\/news\/dall_ambasciata\/2026\/02\/borse-di-studio-delluniversita-di-brescia-e-luniversita-ca-foscari-di-venezia\/\">\n                                    <span class=\"text\">Leggi di pi\u00f9<\/span>\n                                    <svg class=\"icon\">\n                                    <use xlink:href=\"https:\/\/ambdakar.esteri.it\/wp-content\/themes\/sedi-tema\/assets\/svg\/sprites.svg#it-arrow-right\"><\/use>\n                                    <\/svg>\n                                <\/a>\n                                                    <\/div>\n                    <\/div>\n                <\/div>\n                <!--end card-->\n                <\/div><!-- col-12 .mt-3-->\n                            <div class=\"col-12 mt-3\">\n                <!--start card-->\n                <div class=\"card-wrapper card-space\">\n                    <div class=\"card card-bg card-big border-bottom-card\">\n                        <div class=\"card-body \">\n                                                        <div class=\"category-top\">\n                                                                                                            <span class=\"\">\n                                        <svg class=\"icon icon-secondary\">\n                                            <use xlink:href=\"https:\/\/ambdakar.esteri.it\/wp-content\/themes\/sedi-tema\/assets\/svg\/sprites.svg#it-calendar\"><\/use>\n                                        <\/svg> 11 Febbraio 2026                                    <\/span>\n                                                                    <\/div>\n                            <h5 class=\"card-title big-heading text-uppercase\"><a class=\"text-body text-decoration-none\" href=\"https:\/\/ambdakar.esteri.it\/it\/news\/dall_ambasciata\/2026\/02\/esiti-della-missione-a-capo-verde-di-funzionari-dellambasciata-19-28-gennaio-2026\/\" title=\"ESITI DELLA MISSIONE A CAPO VERDE DI FUNZIONARI DELL\u2019AMBASCIATA (19-28 GENNAIO 2026)\">ESITI DELLA MISSIONE A CAPO VERDE DI FUNZIONARI DELL\u2019AMBASCIATA (19-28 GENNAIO 2026)<\/a><\/h5>\n                            <p class=\"card-text\">Dal 19 al 28 gennaio 2026 il Vice Capo Missione, Ludovico Banova, e il Capo della Cancelleria Consolare, Giovanni Griffo, si sono recati a Capo Verde per una missione consolare, con l\u2019obiettivo di fornire assistenza alla comunit\u00e0 italiana residente nell\u2019arcipelago e di rafforzare il dialogo con gli interlocutori locali. La missione ha toccato quattro isole [&hellip;]<\/p>\n                                <a title=\"ESITI DELLA MISSIONE A CAPO VERDE DI FUNZIONARI DELL\u2019AMBASCIATA (19-28 GENNAIO 2026)\" class=\"read-more\" href=\"https:\/\/ambdakar.esteri.it\/it\/news\/dall_ambasciata\/2026\/02\/esiti-della-missione-a-capo-verde-di-funzionari-dellambasciata-19-28-gennaio-2026\/\">\n                                    <span class=\"text\">Leggi di pi\u00f9<\/span>\n                                    <svg class=\"icon\">\n                                    <use xlink:href=\"https:\/\/ambdakar.esteri.it\/wp-content\/themes\/sedi-tema\/assets\/svg\/sprites.svg#it-arrow-right\"><\/use>\n                                    <\/svg>\n                                <\/a>\n                                                    <\/div>\n                    <\/div>\n                <\/div>\n                <!--end card-->\n                <\/div><!-- col-12 .mt-3-->\n                            <div class=\"col-12 mt-3\">\n                <!--start card-->\n                <div class=\"card-wrapper card-space\">\n                    <div class=\"card card-bg card-big border-bottom-card\">\n                        <div class=\"card-body \">\n                                                        <div class=\"category-top\">\n                                                                                                            <span class=\"\">\n                                        <svg class=\"icon icon-secondary\">\n                                            <use xlink:href=\"https:\/\/ambdakar.esteri.it\/wp-content\/themes\/sedi-tema\/assets\/svg\/sprites.svg#it-calendar\"><\/use>\n                                        <\/svg> 11 Febbraio 2026                                    <\/span>\n                                                                    <\/div>\n                            <h5 class=\"card-title big-heading text-uppercase\"><a class=\"text-body text-decoration-none\" href=\"https:\/\/ambdakar.esteri.it\/it\/news\/dall_ambasciata\/2026\/02\/avviso-per-titolari-di-nulla-osta-per-ricongiungimento-familiare-ottenuto-entro-il-30-novembre-2025\/\" title=\"AVVISO PER TITOLARI DI NULLA OSTA PER RICONGIUNGIMENTO FAMILIARE OTTENUTO ENTRO IL 30 NOVEMBRE 2025\">AVVISO PER TITOLARI DI NULLA OSTA PER RICONGIUNGIMENTO FAMILIARE OTTENUTO ENTRO IL 30 NOVEMBRE 2025<\/a><\/h5>\n                            <p class=\"card-text\">ITA &nbsp; Si avvisa l\u2019utenza che i titolari di Nulla Osta al ricongiungimento familiare rilasciato dallo Sportello Unico Immigrazione (SUI) fino alla data del 30 novembre\u00a02025 possono inviare una email con richiesta di appuntamento all\u2019indirizzo dakar.nullaosta@esteri.it allegando copia del nulla osta e indicando il proprio recapito telefonico in Italia. &nbsp; Si ricorda che solo i [&hellip;]<\/p>\n                                <a title=\"AVVISO PER TITOLARI DI NULLA OSTA PER RICONGIUNGIMENTO FAMILIARE OTTENUTO ENTRO IL 30 NOVEMBRE 2025\" class=\"read-more\" href=\"https:\/\/ambdakar.esteri.it\/it\/news\/dall_ambasciata\/2026\/02\/avviso-per-titolari-di-nulla-osta-per-ricongiungimento-familiare-ottenuto-entro-il-30-novembre-2025\/\">\n                                    <span class=\"text\">Leggi di pi\u00f9<\/span>\n                                    <svg class=\"icon\">\n                                    <use xlink:href=\"https:\/\/ambdakar.esteri.it\/wp-content\/themes\/sedi-tema\/assets\/svg\/sprites.svg#it-arrow-right\"><\/use>\n                                    <\/svg>\n                                <\/a>\n                                                    <\/div>\n                    <\/div>\n                <\/div>\n                <!--end card-->\n                <\/div><!-- col-12 .mt-3-->\n            \n            <div class=\"col-md-12 mt-4 pb-4\">\n                <nav class=\"navigation col-md-12\" aria-label=\"Navigation\">\n                    <h2 class=\"screen-reader-text visually-hidden\">Paginazione<\/h2>\n                    <div class=\"nav-links\">\n                    <span aria-current=\"page\" class=\"page-numbers current\">1<\/span>\n<a class=\"page-numbers\" href=\"https:\/\/ambdakar.esteri.it\/it\/wp-json\/wp\/v2\/pages\/33\/?pag=2\">2<\/a>\n<a class=\"page-numbers\" href=\"https:\/\/ambdakar.esteri.it\/it\/wp-json\/wp\/v2\/pages\/33\/?pag=3\">3<\/a>\n<span class=\"page-numbers dots\">&hellip;<\/span>\n<a class=\"page-numbers\" href=\"https:\/\/ambdakar.esteri.it\/it\/wp-json\/wp\/v2\/pages\/33\/?pag=57\">57<\/a>\n<a class=\"next page-numbers\" href=\"https:\/\/ambdakar.esteri.it\/it\/wp-json\/wp\/v2\/pages\/33\/?pag=2\"><svg class=\"icon icon-primary\"><use xlink:href=\"https:\/\/ambdakar.esteri.it\/wp-content\/themes\/sedi-tema\/assets\/svg\/sprites.svg#it-chevron-right\"><\/use><\/svg>\n                                    <span class=\"visually-hidden\">Pagina successiva<\/span><\/a>                    <\/div>\n                <\/nav>\n            <\/div>   <!--.col-md-12 -->\n              <\/div><!--.row -->\n              \n","protected":false},"excerpt":{"rendered":"","protected":false},"author":1,"featured_media":0,"parent":16,"menu_order":0,"comment_status":"closed","ping_status":"closed","template":"","meta":{"footnotes":""},"class_list":["post-33","page","type-page","status-publish","hentry"],"_links":{"self":[{"href":"https:\/\/ambdakar.esteri.it\/it\/wp-json\/wp\/v2\/pages\/33","targetHints":{"allow":["GET"]}}],"collection":[{"href":"https:\/\/ambdakar.esteri.it\/it\/wp-json\/wp\/v2\/pages"}],"about":[{"href":"https:\/\/ambdakar.esteri.it\/it\/wp-json\/wp\/v2\/types\/page"}],"author":[{"embeddable":true,"href":"https:\/\/ambdakar.esteri.it\/it\/wp-json\/wp\/v2\/users\/1"}],"replies":[{"embeddable":true,"href":"https:\/\/ambdakar.esteri.it\/it\/wp-json\/wp\/v2\/comments?post=33"}],"version-history":[{"count":1,"href":"https:\/\/ambdakar.esteri.it\/it\/wp-json\/wp\/v2\/pages\/33\/revisions"}],"predecessor-version":[{"id":34,"href":"https:\/\/ambdakar.esteri.it\/it\/wp-json\/wp\/v2\/pages\/33\/revisions\/34"}],"up":[{"embeddable":true,"href":"https:\/\/ambdakar.esteri.it\/it\/wp-json\/wp\/v2\/pages\/16"}],"wp:attachment":[{"href":"https:\/\/ambdakar.esteri.it\/it\/wp-json\/wp\/v2\/media?parent=33"}],"curies":[{"name":"wp","href":"https:\/\/api.w.org\/{rel}","templated":true}]}}